{"id":14,"date":"2016-03-21T16:30:19","date_gmt":"2016-03-21T15:30:19","guid":{"rendered":"http:\/\/quelaines-stemarie.fr\/?page_id=14"},"modified":"2023-10-12T20:50:13","modified_gmt":"2023-10-12T19:50:13","slug":"apel","status":"publish","type":"page","link":"https:\/\/quelaines-stemarie.fr\/index.php\/apel\/","title":{"rendered":"APEL-OGEC"},"content":{"rendered":"<p>L\u2019APEL est une association de type loi 1901.<\/p>\n<ul>\n<li>Fonctionnement : gr\u00e2ce \u00e0 un bureau dont les membres sont \u00e9lus chaque ann\u00e9e par les parents d\u2019\u00e9l\u00e8ves<\/li>\n<\/ul>\n<ul>\n<li>R\u00f4le : s\u2019occuper de la vie sociale de l\u2019\u00e9cole, hors enseignement, en organisant diff\u00e9rentes manifestations scolaires afin d\u2019animer l\u2019\u00e9cole en y cr\u00e9ant une ambiance chaleureuse et familiale, r\u00e9colter des fonds pour am\u00e9liorer le quotidien des enfants au sein de l\u2019\u00e9tablissement<\/li>\n<\/ul>\n<p>Pr\u00e9sidente : Magalie RICHARD<\/p>\n<div class=\"entry-content\">\n<p>L\u2019Organisme de Gestion de l\u2019Etablissement Catholique d\u2019enseignement (OGEC) est une association de type loi 1901, compos\u00e9e de b\u00e9n\u00e9voles choisis en fonction de leur disponibilit\u00e9s et de leur comp\u00e9tences.<\/p>\n<p>L\u2019OGEC est l\u2019employeur du personnel OGEC.<\/p>\n<p>L\u2019OGEC assume la vie mat\u00e9rielle et financi\u00e8re de l\u2019\u00e9tablissement, la tr\u00e9sorerie, la comptabilit\u00e9, \u00a0l\u2019achat de mat\u00e9riel, \u2026<\/p>\n<p>L\u2019OGEC a la charge de l\u2019entretien des b\u00e2timents scolaires, voire leur construction si n\u00e9cessaire.<\/p>\n<p>Pr\u00e9sidente : Mandy GUILLAUME<\/p>\n<\/div>\n","protected":false},"excerpt":{"rendered":"<p>L\u2019APEL est une association de type loi 1901. Fonctionnement : gr\u00e2ce \u00e0 un bureau dont les membres sont \u00e9lus chaque ann\u00e9e par les parents d\u2019\u00e9l\u00e8ves R\u00f4le : s\u2019occuper de la vie sociale de l\u2019\u00e9cole, hors enseignement, en organisant diff\u00e9rentes manifestations scolaires afin d\u2019animer l\u2019\u00e9cole en y cr\u00e9ant une ambiance chaleureuse\u2026<\/p>\n<p class=\"continue-reading-button\"> <a class=\"continue-reading-link\" href=\"https:\/\/quelaines-stemarie.fr\/index.php\/apel\/\">Lire la suite&#8230;<i class=\"crycon-right-dir\"><\/i><\/a><\/p>\n","protected":false},"author":5,"featured_media":0,"parent":0,"menu_order":0,"comment_status":"closed","ping_status":"closed","template":"","meta":{"footnotes":""},"class_list":["post-14","page","type-page","status-publish","hentry"],"_links":{"self":[{"href":"https:\/\/quelaines-stemarie.fr\/index.php\/wp-json\/wp\/v2\/pages\/14","targetHints":{"allow":["GET"]}}],"collection":[{"href":"https:\/\/quelaines-stemarie.fr\/index.php\/wp-json\/wp\/v2\/pages"}],"about":[{"href":"https:\/\/quelaines-stemarie.fr\/index.php\/wp-json\/wp\/v2\/types\/page"}],"author":[{"embeddable":true,"href":"https:\/\/quelaines-stemarie.fr\/index.php\/wp-json\/wp\/v2\/users\/5"}],"replies":[{"embeddable":true,"href":"https:\/\/quelaines-stemarie.fr\/index.php\/wp-json\/wp\/v2\/comments?post=14"}],"version-history":[{"count":7,"href":"https:\/\/quelaines-stemarie.fr\/index.php\/wp-json\/wp\/v2\/pages\/14\/revisions"}],"predecessor-version":[{"id":10060,"href":"https:\/\/quelaines-stemarie.fr\/index.php\/wp-json\/wp\/v2\/pages\/14\/revisions\/10060"}],"wp:attachment":[{"href":"https:\/\/quelaines-stemarie.fr\/index.php\/wp-json\/wp\/v2\/media?parent=14"}],"curies":[{"name":"wp","href":"https:\/\/api.w.org\/{rel}","templated":true}]}}